{"id":801,"date":"2023-01-09T09:31:44","date_gmt":"2023-01-09T08:31:44","guid":{"rendered":"https:\/\/ettic.org\/blog\/?page_id=801"},"modified":"2025-10-23T15:22:18","modified_gmt":"2025-10-23T13:22:18","slug":"nos-actualites","status":"publish","type":"page","link":"https:\/\/ettic.org\/blog\/nos-actualites\/","title":{"rendered":"Nos actualit\u00e9s"},"content":{"rendered":"\t\t<div data-elementor-type=\"wp-page\" data-elementor-id=\"801\" class=\"elementor elementor-801\" data-elementor-post-type=\"page\">\n\t\t\t\t\t\t<section class=\"elementor-section elementor-top-section elementor-element elementor-element-64d1d48 elementor-section-boxed elementor-section-height-default elementor-section-height-default\" data-id=\"64d1d48\" data-element_type=\"section\" data-e-type=\"section\" data-settings=\"{&quot;background_background&quot;:&quot;classic&quot;}\">\n\t\t\t\t\t\t<div class=\"elementor-container elementor-column-gap-default\">\n\t\t\t\t\t<div class=\"elementor-column elementor-col-100 elementor-top-column elementor-element elementor-element-45d80a3\" data-id=\"45d80a3\" data-element_type=\"column\" data-e-type=\"column\">\n\t\t\t<div class=\"elementor-widget-wrap elementor-element-populated\">\n\t\t\t\t\t\t<section class=\"elementor-section elementor-inner-section elementor-element elementor-element-8b8fb55 elementor-section-boxed elementor-section-height-default elementor-section-height-default\" data-id=\"8b8fb55\" data-element_type=\"section\" data-e-type=\"section\">\n\t\t\t\t\t\t<div class=\"elementor-container elementor-column-gap-default\">\n\t\t\t\t\t<div class=\"elementor-column elementor-col-50 elementor-inner-column elementor-element elementor-element-12177db\" data-id=\"12177db\" data-element_type=\"column\" data-e-type=\"column\">\n\t\t\t<div class=\"elementor-widget-wrap elementor-element-populated\">\n\t\t\t\t\t\t<div class=\"elementor-element elementor-element-38a0d6f elementor-widget elementor-widget-image\" data-id=\"38a0d6f\" data-element_type=\"widget\" data-e-type=\"widget\" data-widget_type=\"image.default\">\n\t\t\t\t<div class=\"elementor-widget-container\">\n\t\t\t\t\t\t\t\t\t\t\t\t\t\t\t<img loading=\"lazy\" decoding=\"async\" width=\"668\" height=\"474\" src=\"https:\/\/ettic.org\/blog\/wp-content\/themes\/veen\/assets\/images\/transparent.gif\" data-lazy=\"true\" data-src=\"https:\/\/ettic.org\/blog\/wp-content\/uploads\/2025\/10\/Logo-Ettic-avec-baseline.png\" class=\"attachment-large size-large wp-image-5523\" alt=\"\" data-srcset=\"https:\/\/ettic.org\/blog\/wp-content\/uploads\/2025\/10\/Logo-Ettic-avec-baseline.png 842w, https:\/\/ettic.org\/blog\/wp-content\/uploads\/2025\/10\/Logo-Ettic-avec-baseline-300x213.png 300w, https:\/\/ettic.org\/blog\/wp-content\/uploads\/2025\/10\/Logo-Ettic-avec-baseline-768x545.png 768w, https:\/\/ettic.org\/blog\/wp-content\/uploads\/2025\/10\/Logo-Ettic-avec-baseline-100x71.png 100w, https:\/\/ettic.org\/blog\/wp-content\/uploads\/2025\/10\/Logo-Ettic-avec-baseline-635x450.png 635w\" data-sizes=\"auto, (max-width: 668px) 100vw, 668px\" \/>\t\t\t\t\t\t\t\t\t\t\t\t\t\t\t<\/div>\n\t\t\t\t<\/div>\n\t\t\t\t<div class=\"elementor-element elementor-element-f3d55c9 elementor-widget elementor-widget-heading\" data-id=\"f3d55c9\" data-element_type=\"widget\" data-e-type=\"widget\" data-widget_type=\"heading.default\">\n\t\t\t\t<div class=\"elementor-widget-container\">\n\t\t\t\t\t<h2 class=\"elementor-heading-title elementor-size-default\"><br>Bienvenue sur le blog Actualit\u00e9s d\u2019Ettic<\/h2>\t\t\t\t<\/div>\n\t\t\t\t<\/div>\n\t\t\t\t<div class=\"elementor-element elementor-element-969fcb9 elementor-widget elementor-widget-text-editor\" data-id=\"969fcb9\" data-element_type=\"widget\" data-e-type=\"widget\" data-widget_type=\"text-editor.default\">\n\t\t\t\t<div class=\"elementor-widget-container\">\n\t\t\t\t\t\t\t\t\t<p>D\u00e9couvrez la vie des coop\u00e9ratives de notre r\u00e9seau : initiatives, retours d\u2019exp\u00e9rience, portraits, et d\u00e9cryptages. Ici, on partage ce qui fait bouger nos territoires !<\/p>\t\t\t\t\t\t\t\t<\/div>\n\t\t\t\t<\/div>\n\t\t\t\t\t<\/div>\n\t\t<\/div>\n\t\t\t\t<div class=\"elementor-column elementor-col-50 elementor-inner-column elementor-element elementor-element-71330f5\" data-id=\"71330f5\" data-element_type=\"column\" data-e-type=\"column\">\n\t\t\t<div class=\"elementor-widget-wrap elementor-element-populated\">\n\t\t\t\t\t\t<div class=\"elementor-element elementor-element-7e6d348 elementor-widget elementor-widget-image\" data-id=\"7e6d348\" data-element_type=\"widget\" data-e-type=\"widget\" data-widget_type=\"image.default\">\n\t\t\t\t<div class=\"elementor-widget-container\">\n\t\t\t\t\t\t\t\t\t\t\t\t\t\t\t<img loading=\"lazy\" decoding=\"async\" width=\"1440\" height=\"960\" src=\"https:\/\/ettic.org\/blog\/wp-content\/themes\/veen\/assets\/images\/transparent.gif\" data-lazy=\"true\" data-src=\"https:\/\/ettic.org\/blog\/wp-content\/uploads\/2025\/10\/ETTIC_finales_20.jpg\" class=\"attachment-2048x2048 size-2048x2048 wp-image-5524\" alt=\"\" data-srcset=\"https:\/\/ettic.org\/blog\/wp-content\/uploads\/2025\/10\/ETTIC_finales_20.jpg 1440w, https:\/\/ettic.org\/blog\/wp-content\/uploads\/2025\/10\/ETTIC_finales_20-300x200.jpg 300w, https:\/\/ettic.org\/blog\/wp-content\/uploads\/2025\/10\/ETTIC_finales_20-1024x683.jpg 1024w, https:\/\/ettic.org\/blog\/wp-content\/uploads\/2025\/10\/ETTIC_finales_20-768x512.jpg 768w, https:\/\/ettic.org\/blog\/wp-content\/uploads\/2025\/10\/ETTIC_finales_20-100x67.jpg 100w, https:\/\/ettic.org\/blog\/wp-content\/uploads\/2025\/10\/ETTIC_finales_20-675x450.jpg 675w\" data-sizes=\"auto, (max-width: 1440px) 100vw, 1440px\" \/>\t\t\t\t\t\t\t\t\t\t\t\t\t\t\t<\/div>\n\t\t\t\t<\/div>\n\t\t\t\t\t<\/div>\n\t\t<\/div>\n\t\t\t\t\t<\/div>\n\t\t<\/section>\n\t\t\t\t\t<\/div>\n\t\t<\/div>\n\t\t\t\t\t<\/div>\n\t\t<\/section>\n\t\t\t\t<section class=\"elementor-section elementor-top-section elementor-element elementor-element-8212259 elementor-section-boxed elementor-section-height-default elementor-section-height-default\" data-id=\"8212259\" data-element_type=\"section\" data-e-type=\"section\">\n\t\t\t\t\t\t<div class=\"elementor-container elementor-column-gap-default\">\n\t\t\t\t\t<div class=\"elementor-column elementor-col-100 elementor-top-column elementor-element elementor-element-cbe6dbe\" data-id=\"cbe6dbe\" data-element_type=\"column\" data-e-type=\"column\">\n\t\t\t<div class=\"elementor-widget-wrap elementor-element-populated\">\n\t\t\t\t\t\t<div class=\"elementor-element elementor-element-db95232 elementor-widget elementor-widget-heading\" data-id=\"db95232\" data-element_type=\"widget\" data-e-type=\"widget\" data-widget_type=\"heading.default\">\n\t\t\t\t<div class=\"elementor-widget-container\">\n\t\t\t\t\t<h2 class=\"elementor-heading-title elementor-size-default\">Les actualit\u00e9s du r\u00e9seau Ettic<span class=\"color-purple\"> <\/span><\/h2>\t\t\t\t<\/div>\n\t\t\t\t<\/div>\n\t\t\t\t<div class=\"elementor-element elementor-element-63e888e elementor-widget-divider--view-line elementor-widget elementor-widget-divider\" data-id=\"63e888e\" data-element_type=\"widget\" data-e-type=\"widget\" data-widget_type=\"divider.default\">\n\t\t\t\t<div class=\"elementor-widget-container\">\n\t\t\t\t\t\t\t<div class=\"elementor-divider\">\n\t\t\t<span class=\"elementor-divider-separator\">\n\t\t\t\t\t\t<\/span>\n\t\t<\/div>\n\t\t\t\t\t\t<\/div>\n\t\t\t\t<\/div>\n\t\t\t\t<div class=\"elementor-element elementor-element-a3515e3 elementor-widget elementor-widget-text-editor\" data-id=\"a3515e3\" data-element_type=\"widget\" data-e-type=\"widget\" data-widget_type=\"text-editor.default\">\n\t\t\t\t<div class=\"elementor-widget-container\">\n\t\t\t\t\t\t\t\t\t<p><span style=\"color: #212529; font-family: 'Open Sans', sans-serif; font-size: 17.6px; font-style: normal; font-variant-ligatures: normal; font-variant-caps: normal; font-weight: 100;\">Suivez l&rsquo;actualit\u00e9 des Coop\u00e9ratives Ettic en Pays de la Loire\/Centre Val de Loire, Ile de France et Normandie !<\/span><\/p>\t\t\t\t\t\t\t\t<\/div>\n\t\t\t\t<\/div>\n\t\t\t\t<div class=\"elementor-element elementor-element-23cee5c elementor-grid-5 elementor-grid-tablet-2 elementor-grid-mobile-1 elementor-posts--thumbnail-top elementor-widget elementor-widget-posts\" data-id=\"23cee5c\" data-element_type=\"widget\" data-e-type=\"widget\" data-settings=\"{&quot;pagination_type&quot;:&quot;numbers_and_prev_next&quot;,&quot;classic_columns&quot;:&quot;5&quot;,&quot;classic_columns_tablet&quot;:&quot;2&quot;,&quot;classic_columns_mobile&quot;:&quot;1&quot;,&quot;classic_row_gap&quot;:{&quot;unit&quot;:&quot;px&quot;,&quot;size&quot;:35,&quot;sizes&quot;:[]},&quot;classic_row_gap_tablet&quot;:{&quot;unit&quot;:&quot;px&quot;,&quot;size&quot;:&quot;&quot;,&quot;sizes&quot;:[]},&quot;classic_row_gap_mobile&quot;:{&quot;unit&quot;:&quot;px&quot;,&quot;size&quot;:&quot;&quot;,&quot;sizes&quot;:[]}}\" data-widget_type=\"posts.classic\">\n\t\t\t\t<div class=\"elementor-widget-container\">\n\t\t\t\t\t\t\t<div class=\"elementor-posts-container elementor-posts elementor-posts--skin-classic elementor-grid\" role=\"list\">\n\t\t\t\t<article class=\"elementor-post elementor-grid-item post-6478 post type-post status-publish format-standard has-post-thumbnail hentry category-actualites category-non-classe category-salons\" role=\"listitem\">\n\t\t\t\t<a class=\"elementor-post__thumbnail__link\" href=\"https:\/\/ettic.org\/blog\/2026\/04\/24\/remplacants-ete-secteur-social-medico-social-ettic\/\" tabindex=\"-1\" target=&quot;_blank&quot;>\n\t\t\t<div class=\"elementor-post__thumbnail\"><img loading=\"lazy\" decoding=\"async\" width=\"668\" height=\"472\" src=\"https:\/\/ettic.org\/blog\/wp-content\/themes\/veen\/assets\/images\/transparent.gif\" data-lazy=\"true\" data-src=\"https:\/\/ettic.org\/blog\/wp-content\/uploads\/2026\/04\/Renfortsete_image-blog-1-1024x724.png\" class=\"attachment-large size-large wp-image-6481\" alt=\"\" data-srcset=\"https:\/\/ettic.org\/blog\/wp-content\/uploads\/2026\/04\/Renfortsete_image-blog-1-1024x724.png 1024w, https:\/\/ettic.org\/blog\/wp-content\/uploads\/2026\/04\/Renfortsete_image-blog-1-300x212.png 300w, https:\/\/ettic.org\/blog\/wp-content\/uploads\/2026\/04\/Renfortsete_image-blog-1-768x543.png 768w, https:\/\/ettic.org\/blog\/wp-content\/uploads\/2026\/04\/Renfortsete_image-blog-1-100x71.png 100w, https:\/\/ettic.org\/blog\/wp-content\/uploads\/2026\/04\/Renfortsete_image-blog-1-850x600.png 850w, https:\/\/ettic.org\/blog\/wp-content\/uploads\/2026\/04\/Renfortsete_image-blog-1-636x450.png 636w, https:\/\/ettic.org\/blog\/wp-content\/uploads\/2026\/04\/Renfortsete_image-blog-1.png 1500w\" data-sizes=\"auto, (max-width: 668px) 100vw, 668px\" \/><\/div>\n\t\t<\/a>\n\t\t\t\t<div class=\"elementor-post__text\">\n\t\t\t\t<h3 class=\"elementor-post__title\">\n\t\t\t<a href=\"https:\/\/ettic.org\/blog\/2026\/04\/24\/remplacants-ete-secteur-social-medico-social-ettic\/\" target=&quot;_blank&quot;>\n\t\t\t\tMissions estivales dans le handicap, le grand \u00e2ge, la protection de l&rsquo;enfance&#8230; : Ettic recrute des rempla\u00e7ants\t\t\t<\/a>\n\t\t<\/h3>\n\t\t\t\t<div class=\"elementor-post__meta-data\">\n\t\t\t\t\t<span class=\"elementor-post-date\">\n\t\t\t24 avril 2026\t\t<\/span>\n\t\t\t\t<\/div>\n\t\t\t\t<div class=\"elementor-post__excerpt\">\n\t\t\t<p>Chaque \u00e9t\u00e9, les \u00e9tablissements du sanitaire, du social et du m\u00e9dico-social font face au m\u00eame d\u00e9fi : assurer la continuit\u00e9 des soins et de l&rsquo;accompagnement<\/p>\n\t\t<\/div>\n\t\t\n\t\t<a class=\"elementor-post__read-more\" href=\"https:\/\/ettic.org\/blog\/2026\/04\/24\/remplacants-ete-secteur-social-medico-social-ettic\/\" aria-label=\"En savoir plus sur Missions estivales dans le handicap, le grand \u00e2ge, la protection de l&rsquo;enfance&#8230; : Ettic recrute des rempla\u00e7ants\" tabindex=\"-1\" target=\"_blank\">\n\t\t\tLire la suite \u00bb\t\t<\/a>\n\n\t\t\t\t<\/div>\n\t\t\t\t<\/article>\n\t\t\t\t<article class=\"elementor-post elementor-grid-item post-6492 post type-post status-publish format-standard has-post-thumbnail hentry category-actualites category-articles category-non-classe\" role=\"listitem\">\n\t\t\t\t<a class=\"elementor-post__thumbnail__link\" href=\"https:\/\/ettic.org\/blog\/2026\/04\/23\/zoom-sur-les-personnes-de-lombre\/\" tabindex=\"-1\" target=&quot;_blank&quot;>\n\t\t\t<div class=\"elementor-post__thumbnail\"><img loading=\"lazy\" decoding=\"async\" width=\"668\" height=\"472\" src=\"https:\/\/ettic.org\/blog\/wp-content\/themes\/veen\/assets\/images\/transparent.gif\" data-lazy=\"true\" data-src=\"https:\/\/ettic.org\/blog\/wp-content\/uploads\/2026\/04\/ArticlePersonnesOmbre_042026-1024x724.jpg\" class=\"attachment-large size-large wp-image-6494\" alt=\"\" data-srcset=\"https:\/\/ettic.org\/blog\/wp-content\/uploads\/2026\/04\/ArticlePersonnesOmbre_042026-1024x724.jpg 1024w, https:\/\/ettic.org\/blog\/wp-content\/uploads\/2026\/04\/ArticlePersonnesOmbre_042026-300x212.jpg 300w, https:\/\/ettic.org\/blog\/wp-content\/uploads\/2026\/04\/ArticlePersonnesOmbre_042026-768x543.jpg 768w, https:\/\/ettic.org\/blog\/wp-content\/uploads\/2026\/04\/ArticlePersonnesOmbre_042026-1536x1086.jpg 1536w, https:\/\/ettic.org\/blog\/wp-content\/uploads\/2026\/04\/ArticlePersonnesOmbre_042026-100x71.jpg 100w, https:\/\/ettic.org\/blog\/wp-content\/uploads\/2026\/04\/ArticlePersonnesOmbre_042026-850x600.jpg 850w, https:\/\/ettic.org\/blog\/wp-content\/uploads\/2026\/04\/ArticlePersonnesOmbre_042026-636x450.jpg 636w, https:\/\/ettic.org\/blog\/wp-content\/uploads\/2026\/04\/ArticlePersonnesOmbre_042026-1600x1131.jpg 1600w, https:\/\/ettic.org\/blog\/wp-content\/uploads\/2026\/04\/ArticlePersonnesOmbre_042026.jpg 2000w\" data-sizes=\"auto, (max-width: 668px) 100vw, 668px\" \/><\/div>\n\t\t<\/a>\n\t\t\t\t<div class=\"elementor-post__text\">\n\t\t\t\t<h3 class=\"elementor-post__title\">\n\t\t\t<a href=\"https:\/\/ettic.org\/blog\/2026\/04\/23\/zoom-sur-les-personnes-de-lombre\/\" target=&quot;_blank&quot;>\n\t\t\t\tZOOM SUR LES PERSONNES DE L\u2019OMBRE\t\t\t<\/a>\n\t\t<\/h3>\n\t\t\t\t<div class=\"elementor-post__meta-data\">\n\t\t\t\t\t<span class=\"elementor-post-date\">\n\t\t\t23 avril 2026\t\t<\/span>\n\t\t\t\t<\/div>\n\t\t\t\t<div class=\"elementor-post__excerpt\">\n\t\t\t<p>Celles et ceux qui prennent soin, accompagnent\u2026 et donnent du sens \u00e0 chaque mission. \u00c0 l\u2019occasion de la journ\u00e9e mondiale du travail invisible, nous avons<\/p>\n\t\t<\/div>\n\t\t\n\t\t<a class=\"elementor-post__read-more\" href=\"https:\/\/ettic.org\/blog\/2026\/04\/23\/zoom-sur-les-personnes-de-lombre\/\" aria-label=\"En savoir plus sur ZOOM SUR LES PERSONNES DE L\u2019OMBRE\" tabindex=\"-1\" target=\"_blank\">\n\t\t\tLire la suite \u00bb\t\t<\/a>\n\n\t\t\t\t<\/div>\n\t\t\t\t<\/article>\n\t\t\t\t<article class=\"elementor-post elementor-grid-item post-6462 post type-post status-publish format-standard has-post-thumbnail hentry category-actualites category-non-classe category-salons\" role=\"listitem\">\n\t\t\t\t<a class=\"elementor-post__thumbnail__link\" href=\"https:\/\/ettic.org\/blog\/2026\/03\/31\/ettic-indice-impact120-2025-recrutement-social-medico-social\/\" tabindex=\"-1\" target=&quot;_blank&quot;>\n\t\t\t<div class=\"elementor-post__thumbnail\"><img loading=\"lazy\" decoding=\"async\" width=\"668\" height=\"502\" src=\"https:\/\/ettic.org\/blog\/wp-content\/themes\/veen\/assets\/images\/transparent.gif\" data-lazy=\"true\" data-src=\"https:\/\/ettic.org\/blog\/wp-content\/uploads\/2026\/03\/Ettic_Edouard_Monfrais-Albertini_075A48793-1024x769.jpg\" class=\"attachment-large size-large wp-image-6476\" alt=\"Ettic laur\u00e9at impact 120\" data-srcset=\"https:\/\/ettic.org\/blog\/wp-content\/uploads\/2026\/03\/Ettic_Edouard_Monfrais-Albertini_075A48793-1024x769.jpg 1024w, https:\/\/ettic.org\/blog\/wp-content\/uploads\/2026\/03\/Ettic_Edouard_Monfrais-Albertini_075A48793-300x225.jpg 300w, https:\/\/ettic.org\/blog\/wp-content\/uploads\/2026\/03\/Ettic_Edouard_Monfrais-Albertini_075A48793-768x576.jpg 768w, https:\/\/ettic.org\/blog\/wp-content\/uploads\/2026\/03\/Ettic_Edouard_Monfrais-Albertini_075A48793-1536x1153.jpg 1536w, https:\/\/ettic.org\/blog\/wp-content\/uploads\/2026\/03\/Ettic_Edouard_Monfrais-Albertini_075A48793-100x75.jpg 100w, https:\/\/ettic.org\/blog\/wp-content\/uploads\/2026\/03\/Ettic_Edouard_Monfrais-Albertini_075A48793-600x450.jpg 600w, https:\/\/ettic.org\/blog\/wp-content\/uploads\/2026\/03\/Ettic_Edouard_Monfrais-Albertini_075A48793-1600x1200.jpg 1600w, https:\/\/ettic.org\/blog\/wp-content\/uploads\/2026\/03\/Ettic_Edouard_Monfrais-Albertini_075A48793.jpg 2000w\" data-sizes=\"auto, (max-width: 668px) 100vw, 668px\" \/><\/div>\n\t\t<\/a>\n\t\t\t\t<div class=\"elementor-post__text\">\n\t\t\t\t<h3 class=\"elementor-post__title\">\n\t\t\t<a href=\"https:\/\/ettic.org\/blog\/2026\/03\/31\/ettic-indice-impact120-2025-recrutement-social-medico-social\/\" target=&quot;_blank&quot;>\n\t\t\t\tEttic dans l&rsquo;Indice Impact 120 pour la 2\u00e8me ann\u00e9e cons\u00e9cutive\t\t\t<\/a>\n\t\t<\/h3>\n\t\t\t\t<div class=\"elementor-post__meta-data\">\n\t\t\t\t\t<span class=\"elementor-post-date\">\n\t\t\t31 mars 2026\t\t<\/span>\n\t\t\t\t<\/div>\n\t\t\t\t<div class=\"elementor-post__excerpt\">\n\t\t\t<p>Une reconnaissance nationale pour un mod\u00e8le diff\u00e9rent Le 30 mars 2026, au Grand Palais \u00e0 Paris, Ettic a \u00e9t\u00e9 officiellement confirm\u00e9 pour la 2\u00e8me ann\u00e9e<\/p>\n\t\t<\/div>\n\t\t\n\t\t<a class=\"elementor-post__read-more\" href=\"https:\/\/ettic.org\/blog\/2026\/03\/31\/ettic-indice-impact120-2025-recrutement-social-medico-social\/\" aria-label=\"En savoir plus sur Ettic dans l&rsquo;Indice Impact 120 pour la 2\u00e8me ann\u00e9e cons\u00e9cutive\" tabindex=\"-1\" target=\"_blank\">\n\t\t\tLire la suite \u00bb\t\t<\/a>\n\n\t\t\t\t<\/div>\n\t\t\t\t<\/article>\n\t\t\t\t<article class=\"elementor-post elementor-grid-item post-6433 post type-post status-publish format-standard has-post-thumbnail hentry category-actualites category-articles category-non-classe\" role=\"listitem\">\n\t\t\t\t<a class=\"elementor-post__thumbnail__link\" href=\"https:\/\/ettic.org\/blog\/2026\/03\/02\/journee-internationale-des-droits-des-femmes\/\" tabindex=\"-1\" target=&quot;_blank&quot;>\n\t\t\t<div class=\"elementor-post__thumbnail\"><img loading=\"lazy\" decoding=\"async\" width=\"668\" height=\"495\" src=\"https:\/\/ettic.org\/blog\/wp-content\/themes\/veen\/assets\/images\/transparent.gif\" data-lazy=\"true\" data-src=\"https:\/\/ettic.org\/blog\/wp-content\/uploads\/2026\/03\/IMG_Blog-1024x759.jpg\" class=\"attachment-large size-large wp-image-6434\" alt=\"\" data-srcset=\"https:\/\/ettic.org\/blog\/wp-content\/uploads\/2026\/03\/IMG_Blog-1024x759.jpg 1024w, https:\/\/ettic.org\/blog\/wp-content\/uploads\/2026\/03\/IMG_Blog-300x222.jpg 300w, https:\/\/ettic.org\/blog\/wp-content\/uploads\/2026\/03\/IMG_Blog-768x569.jpg 768w, https:\/\/ettic.org\/blog\/wp-content\/uploads\/2026\/03\/IMG_Blog-100x74.jpg 100w, https:\/\/ettic.org\/blog\/wp-content\/uploads\/2026\/03\/IMG_Blog-608x450.jpg 608w, https:\/\/ettic.org\/blog\/wp-content\/uploads\/2026\/03\/IMG_Blog.jpg 1080w\" data-sizes=\"auto, (max-width: 668px) 100vw, 668px\" \/><\/div>\n\t\t<\/a>\n\t\t\t\t<div class=\"elementor-post__text\">\n\t\t\t\t<h3 class=\"elementor-post__title\">\n\t\t\t<a href=\"https:\/\/ettic.org\/blog\/2026\/03\/02\/journee-internationale-des-droits-des-femmes\/\" target=&quot;_blank&quot;>\n\t\t\t\tJourn\u00e9e internationale des droits des femmes\t\t\t<\/a>\n\t\t<\/h3>\n\t\t\t\t<div class=\"elementor-post__meta-data\">\n\t\t\t\t\t<span class=\"elementor-post-date\">\n\t\t\t2 mars 2026\t\t<\/span>\n\t\t\t\t<\/div>\n\t\t\t\t<div class=\"elementor-post__excerpt\">\n\t\t\t<p>Chaque 8 mars, la Journ\u00e9e Internationale des Droits des Femmes nous invite \u00e0 r\u00e9fl\u00e9chir, se souvenir, reconna\u00eetre les combats pass\u00e9s et ceux qui restent \u00e0<\/p>\n\t\t<\/div>\n\t\t\n\t\t<a class=\"elementor-post__read-more\" href=\"https:\/\/ettic.org\/blog\/2026\/03\/02\/journee-internationale-des-droits-des-femmes\/\" aria-label=\"En savoir plus sur Journ\u00e9e internationale des droits des femmes\" tabindex=\"-1\" target=\"_blank\">\n\t\t\tLire la suite \u00bb\t\t<\/a>\n\n\t\t\t\t<\/div>\n\t\t\t\t<\/article>\n\t\t\t\t<article class=\"elementor-post elementor-grid-item post-6368 post type-post status-publish format-standard has-post-thumbnail hentry category-actualites category-non-classe category-salons\" role=\"listitem\">\n\t\t\t\t<a class=\"elementor-post__thumbnail__link\" href=\"https:\/\/ettic.org\/blog\/2026\/01\/26\/lapaei-de-la-cote-fleurie-rejoint-ettic-normandie\/\" tabindex=\"-1\" target=&quot;_blank&quot;>\n\t\t\t<div class=\"elementor-post__thumbnail\"><img loading=\"lazy\" decoding=\"async\" width=\"668\" height=\"446\" src=\"https:\/\/ettic.org\/blog\/wp-content\/themes\/veen\/assets\/images\/transparent.gif\" data-lazy=\"true\" data-src=\"https:\/\/ettic.org\/blog\/wp-content\/uploads\/2026\/01\/Bienvenue-APAEI-CF-1024x683.png\" class=\"attachment-large size-large wp-image-6370\" alt=\"\" data-srcset=\"https:\/\/ettic.org\/blog\/wp-content\/uploads\/2026\/01\/Bienvenue-APAEI-CF-1024x683.png 1024w, https:\/\/ettic.org\/blog\/wp-content\/uploads\/2026\/01\/Bienvenue-APAEI-CF-300x200.png 300w, https:\/\/ettic.org\/blog\/wp-content\/uploads\/2026\/01\/Bienvenue-APAEI-CF-768x512.png 768w, https:\/\/ettic.org\/blog\/wp-content\/uploads\/2026\/01\/Bienvenue-APAEI-CF-1536x1024.png 1536w, https:\/\/ettic.org\/blog\/wp-content\/uploads\/2026\/01\/Bienvenue-APAEI-CF-100x67.png 100w, https:\/\/ettic.org\/blog\/wp-content\/uploads\/2026\/01\/Bienvenue-APAEI-CF-675x450.png 675w, https:\/\/ettic.org\/blog\/wp-content\/uploads\/2026\/01\/Bienvenue-APAEI-CF-1600x1067.png 1600w, https:\/\/ettic.org\/blog\/wp-content\/uploads\/2026\/01\/Bienvenue-APAEI-CF.png 1771w\" data-sizes=\"auto, (max-width: 668px) 100vw, 668px\" \/><\/div>\n\t\t<\/a>\n\t\t\t\t<div class=\"elementor-post__text\">\n\t\t\t\t<h3 class=\"elementor-post__title\">\n\t\t\t<a href=\"https:\/\/ettic.org\/blog\/2026\/01\/26\/lapaei-de-la-cote-fleurie-rejoint-ettic-normandie\/\" target=&quot;_blank&quot;>\n\t\t\t\tL\u2019APAEI de la C\u00f4te Fleurie rejoint Ettic \u2013 Normandie\t\t\t<\/a>\n\t\t<\/h3>\n\t\t\t\t<div class=\"elementor-post__meta-data\">\n\t\t\t\t\t<span class=\"elementor-post-date\">\n\t\t\t26 janvier 2026\t\t<\/span>\n\t\t\t\t<\/div>\n\t\t\t\t<div class=\"elementor-post__excerpt\">\n\t\t\t<p>Un nouveau coop\u00e9rateur engag\u00e9 dans le secteur social et m\u00e9dico-social. Ettic \u2013 Normandie annonce l\u2019arriv\u00e9e d\u2019un nouveau coop\u00e9rateur au sein de sa coop\u00e9rative d\u2019emploi :<\/p>\n\t\t<\/div>\n\t\t\n\t\t<a class=\"elementor-post__read-more\" href=\"https:\/\/ettic.org\/blog\/2026\/01\/26\/lapaei-de-la-cote-fleurie-rejoint-ettic-normandie\/\" aria-label=\"En savoir plus sur L\u2019APAEI de la C\u00f4te Fleurie rejoint Ettic \u2013 Normandie\" tabindex=\"-1\" target=\"_blank\">\n\t\t\tLire la suite \u00bb\t\t<\/a>\n\n\t\t\t\t<\/div>\n\t\t\t\t<\/article>\n\t\t\t\t<\/div>\n\t\t\n\t\t\t\t<div class=\"e-load-more-anchor\" data-page=\"1\" data-max-page=\"6\" data-next-page=\"https:\/\/ettic.org\/blog\/wp-json\/wp\/v2\/pages\/801\/page\/2\/\"><\/div>\n\t\t\t\t<nav class=\"elementor-pagination\" aria-label=\"Pagination\">\n\t\t\t<span class=\"page-numbers prev\"><<\/span>\n<span aria-current=\"page\" class=\"page-numbers current\"><span class=\"elementor-screen-only\">Page<\/span>1<\/span>\n<a class=\"page-numbers\" href=\"https:\/\/ettic.org\/blog\/wp-json\/wp\/v2\/pages\/801\/page\/2\/\"><span class=\"elementor-screen-only\">Page<\/span>2<\/a>\n<a class=\"page-numbers\" href=\"https:\/\/ettic.org\/blog\/wp-json\/wp\/v2\/pages\/801\/page\/3\/\"><span class=\"elementor-screen-only\">Page<\/span>3<\/a>\n<span class=\"page-numbers dots\">\u2026<\/span>\n<a class=\"page-numbers\" href=\"https:\/\/ettic.org\/blog\/wp-json\/wp\/v2\/pages\/801\/page\/5\/\"><span class=\"elementor-screen-only\">Page<\/span>5<\/a>\n<a class=\"page-numbers next\" href=\"https:\/\/ettic.org\/blog\/wp-json\/wp\/v2\/pages\/801\/page\/2\/\">><\/a>\t\t<\/nav>\n\t\t\t\t\t\t<\/div>\n\t\t\t\t<\/div>\n\t\t\t\t\t<\/div>\n\t\t<\/div>\n\t\t\t\t\t<\/div>\n\t\t<\/section>\n\t\t<div class=\"elementor-element elementor-element-3c0e642 e-flex e-con-boxed e-con e-parent\" data-id=\"3c0e642\" data-element_type=\"container\" data-e-type=\"container\">\n\t\t\t\t\t<div class=\"e-con-inner\">\n\t\t\t\t\t<\/div>\n\t\t\t\t<\/div>\n\t\t\t\t<\/div>\n\t\t","protected":false},"excerpt":{"rendered":"<p>Bienvenue sur le blog Actualit\u00e9s d\u2019Ettic D\u00e9couvrez la vie des coop\u00e9ratives de notre r\u00e9seau : initiatives, retours d\u2019exp\u00e9rience, portraits, et d\u00e9cryptages. Ici, on partage ce&#8230;<\/p>\n","protected":false},"author":4,"featured_media":0,"parent":0,"menu_order":0,"comment_status":"closed","ping_status":"closed","template":"","meta":{"_acf_changed":false,"footnotes":""},"class_list":["post-801","page","type-page","status-publish","hentry"],"acf":[],"yoast_head":"<!-- This site is optimized with the Yoast SEO plugin v27.4 - https:\/\/yoast.com\/product\/yoast-seo-wordpress\/ -->\n<title>Nos actualit\u00e9s - Ettic &amp; Vous<\/title>\n<meta name=\"robots\" content=\"index, follow, max-snippet:-1, max-image-preview:large, max-video-preview:-1\" \/>\n<link rel=\"canonical\" href=\"https:\/\/ettic.org\/blog\/nos-actualites\/\" \/>\n<meta property=\"og:locale\" content=\"fr_FR\" \/>\n<meta property=\"og:type\" content=\"article\" \/>\n<meta property=\"og:title\" content=\"Nos actualit\u00e9s - Ettic &amp; Vous\" \/>\n<meta property=\"og:description\" content=\"Bienvenue sur le blog Actualit\u00e9s d\u2019Ettic D\u00e9couvrez la vie des coop\u00e9ratives de notre r\u00e9seau : initiatives, retours d\u2019exp\u00e9rience, portraits, et d\u00e9cryptages. Ici, on partage ce...\" \/>\n<meta property=\"og:url\" content=\"https:\/\/ettic.org\/blog\/nos-actualites\/\" \/>\n<meta property=\"og:site_name\" content=\"Ettic &amp; Vous\" \/>\n<meta property=\"article:modified_time\" content=\"2025-10-23T13:22:18+00:00\" \/>\n<meta property=\"og:image\" content=\"https:\/\/ettic.org\/blog\/wp-content\/uploads\/2025\/10\/Logo-Ettic-avec-baseline.png\" \/>\n<meta name=\"twitter:card\" content=\"summary_large_image\" \/>\n<meta name=\"twitter:label1\" content=\"Dur\u00e9e de lecture estim\u00e9e\" \/>\n\t<meta name=\"twitter:data1\" content=\"5 minutes\" \/>\n<script type=\"application\/ld+json\" class=\"yoast-schema-graph\">{\"@context\":\"https:\\\/\\\/schema.org\",\"@graph\":[{\"@type\":\"WebPage\",\"@id\":\"https:\\\/\\\/ettic.org\\\/blog\\\/nos-actualites\\\/\",\"url\":\"https:\\\/\\\/ettic.org\\\/blog\\\/nos-actualites\\\/\",\"name\":\"Nos actualit\u00e9s - Ettic &amp; Vous\",\"isPartOf\":{\"@id\":\"https:\\\/\\\/ettic.org\\\/blog\\\/#website\"},\"primaryImageOfPage\":{\"@id\":\"https:\\\/\\\/ettic.org\\\/blog\\\/nos-actualites\\\/#primaryimage\"},\"image\":{\"@id\":\"https:\\\/\\\/ettic.org\\\/blog\\\/nos-actualites\\\/#primaryimage\"},\"thumbnailUrl\":\"https:\\\/\\\/ettic.org\\\/blog\\\/wp-content\\\/uploads\\\/2025\\\/10\\\/Logo-Ettic-avec-baseline.png\",\"datePublished\":\"2023-01-09T08:31:44+00:00\",\"dateModified\":\"2025-10-23T13:22:18+00:00\",\"breadcrumb\":{\"@id\":\"https:\\\/\\\/ettic.org\\\/blog\\\/nos-actualites\\\/#breadcrumb\"},\"inLanguage\":\"fr-FR\",\"potentialAction\":[{\"@type\":\"ReadAction\",\"target\":[\"https:\\\/\\\/ettic.org\\\/blog\\\/nos-actualites\\\/\"]}]},{\"@type\":\"ImageObject\",\"inLanguage\":\"fr-FR\",\"@id\":\"https:\\\/\\\/ettic.org\\\/blog\\\/nos-actualites\\\/#primaryimage\",\"url\":\"https:\\\/\\\/ettic.org\\\/blog\\\/wp-content\\\/uploads\\\/2025\\\/10\\\/Logo-Ettic-avec-baseline.png\",\"contentUrl\":\"https:\\\/\\\/ettic.org\\\/blog\\\/wp-content\\\/uploads\\\/2025\\\/10\\\/Logo-Ettic-avec-baseline.png\",\"width\":842,\"height\":597},{\"@type\":\"BreadcrumbList\",\"@id\":\"https:\\\/\\\/ettic.org\\\/blog\\\/nos-actualites\\\/#breadcrumb\",\"itemListElement\":[{\"@type\":\"ListItem\",\"position\":1,\"name\":\"Accueil\",\"item\":\"https:\\\/\\\/ettic.org\\\/blog\\\/\"},{\"@type\":\"ListItem\",\"position\":2,\"name\":\"Nos actualit\u00e9s\"}]},{\"@type\":\"WebSite\",\"@id\":\"https:\\\/\\\/ettic.org\\\/blog\\\/#website\",\"url\":\"https:\\\/\\\/ettic.org\\\/blog\\\/\",\"name\":\"Ettic blog\",\"description\":\"Ettic, partageons nos actualit\u00e9s\",\"publisher\":{\"@id\":\"https:\\\/\\\/ettic.org\\\/blog\\\/#organization\"},\"potentialAction\":[{\"@type\":\"SearchAction\",\"target\":{\"@type\":\"EntryPoint\",\"urlTemplate\":\"https:\\\/\\\/ettic.org\\\/blog\\\/?s={search_term_string}\"},\"query-input\":{\"@type\":\"PropertyValueSpecification\",\"valueRequired\":true,\"valueName\":\"search_term_string\"}}],\"inLanguage\":\"fr-FR\"},{\"@type\":\"Organization\",\"@id\":\"https:\\\/\\\/ettic.org\\\/blog\\\/#organization\",\"name\":\"Ettic blog\",\"url\":\"https:\\\/\\\/ettic.org\\\/blog\\\/\",\"logo\":{\"@type\":\"ImageObject\",\"inLanguage\":\"fr-FR\",\"@id\":\"https:\\\/\\\/ettic.org\\\/blog\\\/#\\\/schema\\\/logo\\\/image\\\/\",\"url\":\"\",\"contentUrl\":\"\",\"caption\":\"Ettic blog\"},\"image\":{\"@id\":\"https:\\\/\\\/ettic.org\\\/blog\\\/#\\\/schema\\\/logo\\\/image\\\/\"}}]}<\/script>\n<!-- \/ Yoast SEO plugin. -->","yoast_head_json":{"title":"Nos actualit\u00e9s - Ettic &amp; Vous","robots":{"index":"index","follow":"follow","max-snippet":"max-snippet:-1","max-image-preview":"max-image-preview:large","max-video-preview":"max-video-preview:-1"},"canonical":"https:\/\/ettic.org\/blog\/nos-actualites\/","og_locale":"fr_FR","og_type":"article","og_title":"Nos actualit\u00e9s - Ettic &amp; Vous","og_description":"Bienvenue sur le blog Actualit\u00e9s d\u2019Ettic D\u00e9couvrez la vie des coop\u00e9ratives de notre r\u00e9seau : initiatives, retours d\u2019exp\u00e9rience, portraits, et d\u00e9cryptages. Ici, on partage ce...","og_url":"https:\/\/ettic.org\/blog\/nos-actualites\/","og_site_name":"Ettic &amp; Vous","article_modified_time":"2025-10-23T13:22:18+00:00","og_image":[{"url":"https:\/\/ettic.org\/blog\/wp-content\/uploads\/2025\/10\/Logo-Ettic-avec-baseline.png","type":"","width":"","height":""}],"twitter_card":"summary_large_image","twitter_misc":{"Dur\u00e9e de lecture estim\u00e9e":"5 minutes"},"schema":{"@context":"https:\/\/schema.org","@graph":[{"@type":"WebPage","@id":"https:\/\/ettic.org\/blog\/nos-actualites\/","url":"https:\/\/ettic.org\/blog\/nos-actualites\/","name":"Nos actualit\u00e9s - Ettic &amp; Vous","isPartOf":{"@id":"https:\/\/ettic.org\/blog\/#website"},"primaryImageOfPage":{"@id":"https:\/\/ettic.org\/blog\/nos-actualites\/#primaryimage"},"image":{"@id":"https:\/\/ettic.org\/blog\/nos-actualites\/#primaryimage"},"thumbnailUrl":"https:\/\/ettic.org\/blog\/wp-content\/uploads\/2025\/10\/Logo-Ettic-avec-baseline.png","datePublished":"2023-01-09T08:31:44+00:00","dateModified":"2025-10-23T13:22:18+00:00","breadcrumb":{"@id":"https:\/\/ettic.org\/blog\/nos-actualites\/#breadcrumb"},"inLanguage":"fr-FR","potentialAction":[{"@type":"ReadAction","target":["https:\/\/ettic.org\/blog\/nos-actualites\/"]}]},{"@type":"ImageObject","inLanguage":"fr-FR","@id":"https:\/\/ettic.org\/blog\/nos-actualites\/#primaryimage","url":"https:\/\/ettic.org\/blog\/wp-content\/uploads\/2025\/10\/Logo-Ettic-avec-baseline.png","contentUrl":"https:\/\/ettic.org\/blog\/wp-content\/uploads\/2025\/10\/Logo-Ettic-avec-baseline.png","width":842,"height":597},{"@type":"BreadcrumbList","@id":"https:\/\/ettic.org\/blog\/nos-actualites\/#breadcrumb","itemListElement":[{"@type":"ListItem","position":1,"name":"Accueil","item":"https:\/\/ettic.org\/blog\/"},{"@type":"ListItem","position":2,"name":"Nos actualit\u00e9s"}]},{"@type":"WebSite","@id":"https:\/\/ettic.org\/blog\/#website","url":"https:\/\/ettic.org\/blog\/","name":"Ettic blog","description":"Ettic, partageons nos actualit\u00e9s","publisher":{"@id":"https:\/\/ettic.org\/blog\/#organization"},"potentialAction":[{"@type":"SearchAction","target":{"@type":"EntryPoint","urlTemplate":"https:\/\/ettic.org\/blog\/?s={search_term_string}"},"query-input":{"@type":"PropertyValueSpecification","valueRequired":true,"valueName":"search_term_string"}}],"inLanguage":"fr-FR"},{"@type":"Organization","@id":"https:\/\/ettic.org\/blog\/#organization","name":"Ettic blog","url":"https:\/\/ettic.org\/blog\/","logo":{"@type":"ImageObject","inLanguage":"fr-FR","@id":"https:\/\/ettic.org\/blog\/#\/schema\/logo\/image\/","url":"","contentUrl":"","caption":"Ettic blog"},"image":{"@id":"https:\/\/ettic.org\/blog\/#\/schema\/logo\/image\/"}}]}},"_links":{"self":[{"href":"https:\/\/ettic.org\/blog\/wp-json\/wp\/v2\/pages\/801","targetHints":{"allow":["GET"]}}],"collection":[{"href":"https:\/\/ettic.org\/blog\/wp-json\/wp\/v2\/pages"}],"about":[{"href":"https:\/\/ettic.org\/blog\/wp-json\/wp\/v2\/types\/page"}],"author":[{"embeddable":true,"href":"https:\/\/ettic.org\/blog\/wp-json\/wp\/v2\/users\/4"}],"replies":[{"embeddable":true,"href":"https:\/\/ettic.org\/blog\/wp-json\/wp\/v2\/comments?post=801"}],"version-history":[{"count":190,"href":"https:\/\/ettic.org\/blog\/wp-json\/wp\/v2\/pages\/801\/revisions"}],"predecessor-version":[{"id":5527,"href":"https:\/\/ettic.org\/blog\/wp-json\/wp\/v2\/pages\/801\/revisions\/5527"}],"wp:attachment":[{"href":"https:\/\/ettic.org\/blog\/wp-json\/wp\/v2\/media?parent=801"}],"curies":[{"name":"wp","href":"https:\/\/api.w.org\/{rel}","templated":true}]}}